{"id":36797,"date":"2018-07-07T22:51:44","date_gmt":"2018-07-07T22:51:44","guid":{"rendered":"http:\/\/megaingenierias.com\/media\/?page_id=36797"},"modified":"2020-06-04T08:56:26","modified_gmt":"2020-06-04T08:56:26","slug":"partner","status":"publish","type":"page","link":"https:\/\/mediaglass.de\/es\/partner\/","title":{"rendered":"partner"},"content":{"rendered":"\n\n[et_pb_section fb_built=\u00bb1&#8243; _builder_version=\u00bb3.22&#8243; background_image=\u00bbhttps:\/\/mediaglass.de\/wp-content\/uploads\/2018\/09\/CLOISTERS_081_1280.jpg\u00bb][et_pb_row _builder_version=\u00bb3.25&#8243;][et_pb_column type=\u00bb4_4&#8243; _builder_version=\u00bb3.25&#8243; custom_padding=\u00bb|||\u00bb custom_padding__hover=\u00bb|||\u00bb][et_pb_cta title=\u00bbLA COMPA\u00d1IA\u00bb admin_label=\u00bbLA COMPA\u00d1IA\u00bb _builder_version=\u00bb3.16&#8243; header_font=\u00bbMontserrat|on|||\u00bb header_font_size=\u00bb80&#8243; body_font=\u00bbGeorgia||||\u00bb body_font_size=\u00bb30&#8243; background_color=\u00bbrgba(104,104,104,0.58)\u00bb background_size=\u00bbinitial\u00bb background_position=\u00bbtop_left\u00bb background_repeat=\u00bbrepeat\u00bb text_orientation=\u00bbleft\u00bb header_font_size_tablet=\u00bb40&#8243; header_font_size_phone=\u00bb30&#8243; header_font_size_last_edited=\u00bbon|phone\u00bb body_font_size_tablet=\u00bb26&#8243; body_font_size_phone=\u00bb22&#8243; body_font_size_last_edited=\u00bbon|phone\u00bb custom_css_promo_description=\u00bbpadding-bottom:20px !important;||line-height: 150% !important;\u00bb custom_css_promo_title=\u00bbpadding-bottom:20px !important;||letter-spacing: -0.05em !important;||line-height: 120% !important;\u00bb box_shadow_style=\u00bbpreset5&#8243; box_shadow_blur=\u00bb43px\u00bb box_shadow_color=\u00bbrgba(160,160,160,0.36)\u00bb use_border_color=\u00bboff\u00bb border_color=\u00bb#ffffff\u00bb border_style=\u00bbsolid\u00bb inline_fonts=\u00bbRoboto\u00bb button_text_size__hover_enabled=\u00bboff\u00bb button_one_text_size__hover_enabled=\u00bboff\u00bb button_two_text_size__hover_enabled=\u00bboff\u00bb button_text_color__hover_enabled=\u00bboff\u00bb button_one_text_color__hover_enabled=\u00bboff\u00bb button_two_text_color__hover_enabled=\u00bboff\u00bb button_border_width__hover_enabled=\u00bboff\u00bb button_one_border_width__hover_enabled=\u00bboff\u00bb button_two_border_width__hover_enabled=\u00bboff\u00bb button_border_color__hover_enabled=\u00bboff\u00bb button_one_border_color__hover_enabled=\u00bboff\u00bb button_two_border_color__hover_enabled=\u00bboff\u00bb button_border_radius__hover_enabled=\u00bboff\u00bb button_one_border_radius__hover_enabled=\u00bboff\u00bb button_two_border_radius__hover_enabled=\u00bboff\u00bb button_letter_spacing__hover_enabled=\u00bboff\u00bb button_one_letter_spacing__hover_enabled=\u00bboff\u00bb button_two_letter_spacing__hover_enabled=\u00bboff\u00bb button_bg_color__hover_enabled=\u00bboff\u00bb button_one_bg_color__hover_enabled=\u00bboff\u00bb button_two_bg_color__hover_enabled=\u00bboff\u00bb]<span style=\"font-family: Roboto; font-weight: normal;\">EN 2011 SE FUNDA MEDIAGLASS CON DOS PARTNERS:<\/span>\r\n\r\n&nbsp;\r\n<ul>\r\n \t<li><span style=\"font-family: Roboto; font-weight: normal;\">B G T<\/span><\/li>\r\n<\/ul>\r\n<ul>\r\n \t<li><span style=\"font-family: Roboto; font-weight: normal;\">E M C\u00a0 Internacional<\/span><\/li>\r\n<\/ul>\r[\/et_pb_cta][et_pb_image url=\u00bb#intro\u00bb align_tablet=\u00bbcenter\u00bb align_phone=\u00bb\u00bb align_last_edited=\u00bbon|desktop\u00bb _builder_version=\u00bb3.23&#8243; custom_margin=\u00bb4vw|||\u00bb custom_margin_tablet=\u00bb3vw|||\u00bb custom_margin_phone=\u00bb\u00bb custom_margin_last_edited=\u00bbon|phone\u00bb animation_style=\u00bbslide\u00bb animation_direction=\u00bbleft\u00bb animation_duration=\u00bb500ms\u00bb animation_intensity_slide=\u00bb10%\u00bb use_border_color=\u00bboff\u00bb border_color=\u00bb#ffffff\u00bb border_style=\u00bbsolid\u00bb animation=\u00bbleft\u00bb sticky=\u00bboff\u00bb]&nbsp;\r[\/et_pb_image][\/et_pb_column][\/et_pb_row][et_pb_row column_padding_mobile=\u00bbon\u00bb _builder_version=\u00bb3.25&#8243; background_size=\u00bbinitial\u00bb background_position=\u00bbtop_left\u00bb background_repeat=\u00bbrepeat\u00bb custom_padding=\u00bb0||8vw||false|false\u00bb][et_pb_column type=\u00bb4_4&#8243; _builder_version=\u00bb3.25&#8243; custom_padding=\u00bb|||\u00bb custom_padding__hover=\u00bb|||\u00bb][et_pb_cta title=\u00bbMediaglass GMBH\u00bb admin_label=\u00bbMediaglass GMBH\u00bb _builder_version=\u00bb3.16&#8243; header_font=\u00bbMontserrat|on|||\u00bb header_text_color=\u00bb#877bad\u00bb header_font_size=\u00bb30&#8243; body_font=\u00bbGeorgia||||\u00bb body_text_color=\u00bb#20304f\u00bb body_font_size=\u00bb22&#8243; background_color=\u00bbrgba(255,255,255,0.74)\u00bb background_size=\u00bbinitial\u00bb background_position=\u00bbtop_left\u00bb background_repeat=\u00bbrepeat\u00bb text_orientation=\u00bbleft\u00bb background_layout=\u00bblight\u00bb custom_margin=\u00bb-50px|||\u00bb custom_margin_tablet=\u00bb0px|||\u00bb custom_margin_phone=\u00bb\u00bb custom_margin_last_edited=\u00bbon|desktop\u00bb custom_padding=\u00bb3.5vw|3.5vw|3.5vw|3.5vw\u00bb custom_padding_tablet=\u00bb6vw|6vw|5vw|6vw\u00bb custom_padding_phone=\u00bb8vw|8vw|7vw|8vw\u00bb custom_padding_last_edited=\u00bbon|phone\u00bb header_font_size_tablet=\u00bb26&#8243; header_font_size_phone=\u00bb22&#8243; header_font_size_last_edited=\u00bbon|phone\u00bb custom_css_main_element=\u00bb line-height: 120% !important;\u00bb custom_css_promo_title=\u00bbpadding-bottom:20px !important;||letter-spacing: -0.05em !important;||line-height: 120% !important;\u00bb use_border_color=\u00bboff\u00bb border_color=\u00bb#ffffff\u00bb border_style=\u00bbsolid\u00bb inline_fonts=\u00bbRoboto\u00bb button_text_size__hover_enabled=\u00bboff\u00bb button_one_text_size__hover_enabled=\u00bboff\u00bb button_two_text_size__hover_enabled=\u00bboff\u00bb button_text_color__hover_enabled=\u00bboff\u00bb button_one_text_color__hover_enabled=\u00bboff\u00bb button_two_text_color__hover_enabled=\u00bboff\u00bb button_border_width__hover_enabled=\u00bboff\u00bb button_one_border_width__hover_enabled=\u00bboff\u00bb button_two_border_width__hover_enabled=\u00bboff\u00bb button_border_color__hover_enabled=\u00bboff\u00bb button_one_border_color__hover_enabled=\u00bboff\u00bb button_two_border_color__hover_enabled=\u00bboff\u00bb button_border_radius__hover_enabled=\u00bboff\u00bb button_one_border_radius__hover_enabled=\u00bboff\u00bb button_two_border_radius__hover_enabled=\u00bboff\u00bb button_letter_spacing__hover_enabled=\u00bboff\u00bb button_one_letter_spacing__hover_enabled=\u00bboff\u00bb button_two_letter_spacing__hover_enabled=\u00bboff\u00bb button_bg_color__hover_enabled=\u00bboff\u00bb button_one_bg_color__hover_enabled=\u00bboff\u00bb button_two_bg_color__hover_enabled=\u00bboff\u00bb]<span style=\"font-family: Roboto; font-weight: normal; font-size: large; color: #494949;\">La compa\u00f1\u00eda <strong>Mediaglass GMBH<\/strong>\u00a0tiene su sede en Bretten, Alemania, con una oficina de ventas internacionales en Madrid. La combinaci\u00f3n de la experiencia y capacidad de producci\u00f3n \u00abtodo en uno\u00bb del TEAM Mediaglass es una enorme ventaja para el cliente.<\/span>\r[\/et_pb_cta][\/et_pb_column][\/et_pb_row][et_pb_row column_structure=\u00bb1_2,1_2&#8243; padding_mobile=\u00bboff\u00bb column_padding_mobile=\u00bbon\u00bb _builder_version=\u00bb3.25&#8243; background_size=\u00bbinitial\u00bb background_position=\u00bbtop_left\u00bb background_repeat=\u00bbrepeat\u00bb custom_padding=\u00bb||8vw|\u00bb][et_pb_column type=\u00bb1_2&#8243; _builder_version=\u00bb3.25&#8243; custom_padding=\u00bb|||\u00bb custom_padding__hover=\u00bb|||\u00bb][et_pb_cta title=\u00bbA finales de 2012 &#8230;\u00bb disabled_on=\u00bbon|on|on\u00bb admin_label=\u00bbQID\u00bb _builder_version=\u00bb3.26.6&#8243; header_font=\u00bbMontserrat|on|||\u00bb header_text_color=\u00bb#877bad\u00bb header_font_size=\u00bb30&#8243; body_font=\u00bbGeorgia||||\u00bb body_text_color=\u00bb#20304f\u00bb body_font_size=\u00bb22&#8243; background_color=\u00bbrgba(255,255,255,0.74)\u00bb background_size=\u00bbinitial\u00bb background_position=\u00bbtop_left\u00bb background_repeat=\u00bbrepeat\u00bb text_orientation=\u00bbleft\u00bb background_layout=\u00bblight\u00bb custom_margin=\u00bb-100px|||\u00bb custom_margin_tablet=\u00bb0px|||\u00bb custom_margin_phone=\u00bb\u00bb custom_margin_last_edited=\u00bbon|desktop\u00bb custom_padding=\u00bb3.5vw|3.5vw|3.5vw|3.5vw\u00bb custom_padding_tablet=\u00bb6vw|6vw|5vw|6vw\u00bb custom_padding_phone=\u00bb8vw|8vw|7vw|8vw\u00bb custom_padding_last_edited=\u00bbon|phone\u00bb header_font_size_tablet=\u00bb26&#8243; header_font_size_phone=\u00bb22&#8243; header_font_size_last_edited=\u00bbon|phone\u00bb custom_css_main_element=\u00bb line-height: 120% !important;\u00bb custom_css_promo_title=\u00bbpadding-bottom:20px !important;||letter-spacing: -0.05em !important;||line-height: 120% !important;\u00bb use_border_color=\u00bboff\u00bb border_color=\u00bb#ffffff\u00bb border_style=\u00bbsolid\u00bb disabled=\u00bbon\u00bb inline_fonts=\u00bbRoboto\u00bb button_text_size__hover_enabled=\u00bboff\u00bb button_one_text_size__hover_enabled=\u00bboff\u00bb button_two_text_size__hover_enabled=\u00bboff\u00bb button_text_color__hover_enabled=\u00bboff\u00bb button_one_text_color__hover_enabled=\u00bboff\u00bb button_two_text_color__hover_enabled=\u00bboff\u00bb button_border_width__hover_enabled=\u00bboff\u00bb button_one_border_width__hover_enabled=\u00bboff\u00bb button_two_border_width__hover_enabled=\u00bboff\u00bb button_border_color__hover_enabled=\u00bboff\u00bb button_one_border_color__hover_enabled=\u00bboff\u00bb button_two_border_color__hover_enabled=\u00bboff\u00bb button_border_radius__hover_enabled=\u00bboff\u00bb button_one_border_radius__hover_enabled=\u00bboff\u00bb button_two_border_radius__hover_enabled=\u00bboff\u00bb button_letter_spacing__hover_enabled=\u00bboff\u00bb button_one_letter_spacing__hover_enabled=\u00bboff\u00bb button_two_letter_spacing__hover_enabled=\u00bboff\u00bb button_bg_color__hover_enabled=\u00bboff\u00bb button_one_bg_color__hover_enabled=\u00bboff\u00bb button_two_bg_color__hover_enabled=\u00bboff\u00bb]<p style=\"text-align: justify;\"><span style=\"font-family: Roboto; font-weight: normal; font-size: large; color: #494949;\">Mediaglass ha sido reforzada por la entrada de HA Jeque Nasser Bin Khalid Bin Hamad Al-Thani a trav\u00e9s de su sociedad de inversi\u00f3n tecnol\u00f3gica <strong>QID<\/strong> en el capital social de la empresa.<\/span><\/p>\r[\/et_pb_cta][\/et_pb_column][et_pb_column type=\u00bb1_2&#8243; _builder_version=\u00bb3.25&#8243; custom_padding=\u00bb|||\u00bb custom_padding__hover=\u00bb|||\u00bb][et_pb_divider show_divider=\u00bboff\u00bb disabled_on=\u00bbon|on|on\u00bb _builder_version=\u00bb3.26.6&#8243; height=\u00bb55px\u00bb disabled=\u00bbon\u00bb]&nbsp;\r[\/et_pb_divider][et_pb_cta title=\u00bbEn 2013 &#8230;\u00bb disabled_on=\u00bbon|on|on\u00bb admin_label=\u00bbEn 2013 &#8230;\u00bb _builder_version=\u00bb3.26.6&#8243; header_font=\u00bbMontserrat|on|||\u00bb header_text_color=\u00bb#877bad\u00bb header_font_size=\u00bb30&#8243; body_font=\u00bbGeorgia||||\u00bb body_text_color=\u00bb#20304f\u00bb body_font_size=\u00bb22&#8243; background_color=\u00bbrgba(255,255,255,0.74)\u00bb background_size=\u00bbinitial\u00bb background_position=\u00bbtop_left\u00bb background_repeat=\u00bbrepeat\u00bb text_orientation=\u00bbleft\u00bb background_layout=\u00bblight\u00bb custom_margin=\u00bb-50px|||\u00bb custom_margin_tablet=\u00bb0px|||\u00bb custom_margin_phone=\u00bb\u00bb custom_margin_last_edited=\u00bbon|desktop\u00bb custom_padding=\u00bb3.5vw|3.5vw|3.5vw|3.5vw\u00bb custom_padding_tablet=\u00bb6vw|6vw|5vw|6vw\u00bb custom_padding_phone=\u00bb8vw|8vw|7vw|8vw\u00bb custom_padding_last_edited=\u00bbon|phone\u00bb header_font_size_tablet=\u00bb26&#8243; header_font_size_phone=\u00bb22&#8243; header_font_size_last_edited=\u00bbon|phone\u00bb custom_css_main_element=\u00bb line-height: 120% !important;\u00bb custom_css_promo_title=\u00bbpadding-bottom:20px !important;||letter-spacing: -0.05em !important;||line-height: 120% !important;\u00bb use_border_color=\u00bboff\u00bb border_color=\u00bb#ffffff\u00bb border_style=\u00bbsolid\u00bb disabled=\u00bbon\u00bb inline_fonts=\u00bbRoboto\u00bb button_text_size__hover_enabled=\u00bboff\u00bb button_one_text_size__hover_enabled=\u00bboff\u00bb button_two_text_size__hover_enabled=\u00bboff\u00bb button_text_color__hover_enabled=\u00bboff\u00bb button_one_text_color__hover_enabled=\u00bboff\u00bb button_two_text_color__hover_enabled=\u00bboff\u00bb button_border_width__hover_enabled=\u00bboff\u00bb button_one_border_width__hover_enabled=\u00bboff\u00bb button_two_border_width__hover_enabled=\u00bboff\u00bb button_border_color__hover_enabled=\u00bboff\u00bb button_one_border_color__hover_enabled=\u00bboff\u00bb button_two_border_color__hover_enabled=\u00bboff\u00bb button_border_radius__hover_enabled=\u00bboff\u00bb button_one_border_radius__hover_enabled=\u00bboff\u00bb button_two_border_radius__hover_enabled=\u00bboff\u00bb button_letter_spacing__hover_enabled=\u00bboff\u00bb button_one_letter_spacing__hover_enabled=\u00bboff\u00bb button_two_letter_spacing__hover_enabled=\u00bboff\u00bb button_bg_color__hover_enabled=\u00bboff\u00bb button_one_bg_color__hover_enabled=\u00bboff\u00bb button_two_bg_color__hover_enabled=\u00bboff\u00bb]<span style=\"font-family: Roboto; font-weight: normal; font-size: large; color: #494949;\"><strong>Mediaglass Middle <\/strong>fue reforzada por la entrada de SA el Jeque Nasser Bin Khalid Bin Hamad Al-Thani a trav\u00e9s de su sociedad de inversi\u00f3n tecnol\u00f3gica qatari <strong>QID<\/strong> omo una empresa filial que gestionar\u00e1 los proyectos que se est\u00e1n realizando en la zona de Oriente Medio.<\/span>\r[\/et_pb_cta][\/et_pb_column][\/et_pb_row][\/et_pb_section][et_pb_section fb_built=\u00bb1&#8243; specialty=\u00bbon\u00bb custom_padding_last_edited=\u00bbon|desktop\u00bb parallax_method_1=\u00bboff\u00bb parallax_method_2=\u00bboff\u00bb admin_label=\u00bbSection\u00bb _builder_version=\u00bb3.15&#8243; background_color=\u00bb#2b2c2a\u00bb min_height=\u00bb636px\u00bb custom_padding=\u00bb||0px|||\u00bb custom_padding_tablet=\u00bb50px|0|50px|0&#8243; custom_padding_phone=\u00bb\u00bb transparent_background=\u00bboff\u00bb global_module=\u00bb37033&#8243; collapsed=\u00bboff\u00bb][et_pb_column type=\u00bb1_3&#8243; _builder_version=\u00bb3.25&#8243; custom_padding=\u00bb|||\u00bb custom_padding__hover=\u00bb|||\u00bb][et_pb_blurb url=\u00bbhttps:\/\/www.google.es\/maps\/dir\/\/Av.+de+Los+Castillos,+1B,+28692+Villafranca+del+Castillo,+Madrid\/@40.4832189,-3.9396804,17z\/data=!3m1!4b1!4m8!4m7!1m0!1m5!1m1!1s0xd419b7cc57cff77:0x19a852c8f91cd682!2m2!1d-3.9374917!2d40.4832189&#8243; url_new_window=\u00bbon\u00bb use_icon=\u00bbon\u00bb font_icon=\u00bb%%122%%\u00bb icon_color=\u00bb#8765bf\u00bb icon_placement=\u00bbleft\u00bb use_icon_font_size=\u00bbon\u00bb icon_font_size=\u00bb18&#8243; admin_label=\u00bbBlurb\u00bb module_id=\u00bbcontacte\u00bb _builder_version=\u00bb4.4.6&#8243; body_font=\u00bbOpen Sans||||\u00bb body_text_color=\u00bb#ffffff\u00bb body_font_size=\u00bb16&#8243; body_line_height=\u00bb1.5em\u00bb background_layout=\u00bbdark\u00bb hover_enabled=\u00bb0&#8243;]<p>OFICINA CENTRAL<\/p>\n<p>Alexanderstrasse, 2<\/p>\n<p>D-75015 Bretten \u2013 Germany<\/p>\n<p>\u00a0<\/p>[\/et_pb_blurb][et_pb_blurb url=\u00bb#\u00bb use_icon=\u00bbon\u00bb font_icon=\u00bb%%104%%\u00bb icon_color=\u00bb#8765bf\u00bb icon_placement=\u00bbleft\u00bb use_icon_font_size=\u00bbon\u00bb icon_font_size=\u00bb20&#8243; admin_label=\u00bbBlurb\u00bb _builder_version=\u00bb4.4.6&#8243; body_font=\u00bbOpen Sans||||\u00bb body_text_color=\u00bb#ffffff\u00bb body_font_size=\u00bb16&#8243; body_line_height=\u00bb1.5em\u00bb background_layout=\u00bbdark\u00bb hover_enabled=\u00bb0&#8243; use_border_color=\u00bboff\u00bb]<p>Tel.: 00 (49) 7252 5030<\/p>\n<p>Fax: 00 (49) 7252 503283<\/p>[\/et_pb_blurb][et_pb_blurb url=\u00bbmailto:info@mediaglass.de\u00bb use_icon=\u00bbon\u00bb font_icon=\u00bb%%109%%\u00bb icon_color=\u00bb#8765bf\u00bb icon_placement=\u00bbleft\u00bb use_icon_font_size=\u00bbon\u00bb icon_font_size=\u00bb20&#8243; admin_label=\u00bbBlurb\u00bb _builder_version=\u00bb4.4.6&#8243; body_font=\u00bbOpen Sans||||\u00bb body_text_color=\u00bb#ffffff\u00bb body_font_size=\u00bb16&#8243; body_line_height=\u00bb1.5em\u00bb background_layout=\u00bbdark\u00bb custom_margin=\u00bb||0px|\u00bb custom_padding=\u00bb||15px|\u00bb hover_enabled=\u00bb0&#8243; use_border_color=\u00bboff\u00bb]<p>info@mediaglass.de<\/p>\n<p>Europe: Mr. Carlos Garcia<\/p>\n<p>General: Mr. Hendrik Meima<\/p>[\/et_pb_blurb][\/et_pb_column][et_pb_column type=\u00bb2_3&#8243; specialty_columns=\u00bb2&#8243; _builder_version=\u00bb3.25&#8243; custom_padding=\u00bb|||\u00bb custom_padding__hover=\u00bb|||\u00bb][et_pb_row_inner padding_mobile=\u00bboff\u00bb column_padding_mobile=\u00bbon\u00bb admin_label=\u00bbRow\u00bb _builder_version=\u00bb3.25&#8243;][et_pb_column_inner saved_specialty_column_type=\u00bb2_3&#8243; _builder_version=\u00bb3.25&#8243; custom_padding=\u00bb|||\u00bb custom_padding__hover=\u00bb|||\u00bb][et_pb_blurb url=\u00bbhttps:\/\/www.google.es\/maps\/dir\/\/Av.+de+Los+Castillos,+1B,+28692+Villafranca+del+Castillo,+Madrid\/@40.4832189,-3.9396804,17z\/data=!3m1!4b1!4m8!4m7!1m0!1m5!1m1!1s0xd419b7cc57cff77:0x19a852c8f91cd682!2m2!1d-3.9374917!2d40.4832189&#8243; url_new_window=\u00bbon\u00bb use_icon=\u00bbon\u00bb font_icon=\u00bb%%122%%\u00bb icon_color=\u00bb#8765bf\u00bb icon_placement=\u00bbleft\u00bb use_icon_font_size=\u00bbon\u00bb icon_font_size=\u00bb18&#8243; admin_label=\u00bbBlurb\u00bb module_id=\u00bbcontacte\u00bb _builder_version=\u00bb4.4.6&#8243; body_font=\u00bbOpen Sans||||\u00bb body_text_color=\u00bb#ffffff\u00bb body_font_size=\u00bb16&#8243; body_line_height=\u00bb1.5em\u00bb background_layout=\u00bbdark\u00bb hover_enabled=\u00bb0&#8243;]<p>OFICINA DE VENTAS INTERNACIONALES<\/p>\n<p>Avda. de los Castillos, 1B Local 2<\/p>\n<p>28692 \u2013 Villafranca del Castillo (Madrid)<\/p>\n<p>\u00a0<\/p>[\/et_pb_blurb][et_pb_blurb url=\u00bb#\u00bb use_icon=\u00bbon\u00bb font_icon=\u00bb%%104%%\u00bb icon_color=\u00bb#8765bf\u00bb icon_placement=\u00bbleft\u00bb use_icon_font_size=\u00bbon\u00bb icon_font_size=\u00bb20&#8243; admin_label=\u00bbBlurb\u00bb _builder_version=\u00bb4.4.6&#8243; body_font=\u00bbOpen Sans||||\u00bb body_text_color=\u00bb#ffffff\u00bb body_font_size=\u00bb16&#8243; body_line_height=\u00bb1.5em\u00bb background_layout=\u00bbdark\u00bb hover_enabled=\u00bb0&#8243; use_border_color=\u00bboff\u00bb]<p>Tel.: +34 \u00a091 815 25 45<\/p>\n<p>Fax: +34 91 812 30 06<\/p>[\/et_pb_blurb][\/et_pb_column_inner][\/et_pb_row_inner][\/et_pb_column][\/et_pb_section][et_pb_section fb_built=\u00bb1&#8243; _builder_version=\u00bb4.4.6&#8243; background_color=\u00bb#2b2c2a\u00bb min_height=\u00bb134px\u00bb custom_margin=\u00bb||-67px|||\u00bb custom_padding=\u00bb||0px|||\u00bb global_module=\u00bb37150&#8243; saved_tabs=\u00bball\u00bb][et_pb_row use_custom_gutter=\u00bbon\u00bb make_equal=\u00bbon\u00bb _builder_version=\u00bb4.4.6&#8243; background_color=\u00bbrgba(0,0,0,0)\u00bb max_width=\u00bb2560px\u00bb custom_margin=\u00bb-38px|auto||auto||\u00bb filter_hue_rotate=\u00bb102deg\u00bb][et_pb_column type=\u00bb4_4&#8243; _builder_version=\u00bb4.4.6&#8243;][et_pb_divider color=\u00bb#ffffff\u00bb _builder_version=\u00bb4.4.6&#8243;][\/et_pb_divider][\/et_pb_column][\/et_pb_row][et_pb_row _builder_version=\u00bb4.4.6&#8243; custom_padding=\u00bb0px|||||\u00bb][et_pb_column type=\u00bb4_4&#8243; _builder_version=\u00bb4.4.6&#8243;][et_pb_text disabled_on=\u00bboff|off|off\u00bb _builder_version=\u00bb4.4.6&#8243; text_font=\u00bb||||||||\u00bb text_text_color=\u00bb#ffffff\u00bb header_text_color=\u00bb#ffffff\u00bb background_layout=\u00bbdark\u00bb link_option_url_new_window=\u00bbon\u00bb motion_trigger_start=\u00bbtop\u00bb]<p style=\"padding-left: 120px; text-align: center;\"><a href=\"https:\/\/mediaglass.de\/es\/aviso-legal\/\" target=\"_blank\" rel=\"noopener noreferrer\">AVISO LEGAL<\/a>\u00a0 \u00a0|\u00a0 \u00a0POL\u00cdTICA DE COOKIES\u00a0 \u00a0|\u00a0 \u00a0POL\u00cdTICA DE PRIVACIDAD<\/p>\n<p style=\"text-align: center;\">[\/et_pb_text][\/et_pb_column][\/et_pb_row][\/et_pb_section]\n\n","protected":false},"excerpt":{"rendered":"<p>EN 2011 SE FUNDA MEDIAGLASS CON DOS PARTNERS: &nbsp; B G T E M C\u00a0 Internacional &nbsp; La compa\u00f1\u00eda Mediaglass GMBH\u00a0tiene su sede en Bretten, Alemania, con una oficina de ventas internacionales en Madrid. La combinaci\u00f3n de la experiencia y capacidad de producci\u00f3n \u00abtodo en uno\u00bb del TEAM Mediaglass es una enorme ventaja para el [&hellip;]<\/p>\n","protected":false},"author":1,"featured_media":0,"parent":0,"menu_order":0,"comment_status":"closed","ping_status":"closed","template":"","meta":{"_et_pb_use_builder":"on","_et_pb_old_content":"","_et_gb_content_width":"","footnotes":""},"class_list":["post-36797","page","type-page","status-publish","hentry"],"yoast_head":"<!-- This site is optimized with the Yoast SEO plugin v26.8 - https:\/\/yoast.com\/product\/yoast-seo-wordpress\/ -->\n<title>Mediaglass, tecnolog\u00eda punta y sistemas LED - EMC Internacional - BGT<\/title>\n<meta name=\"description\" content=\"Empresa con tecnolog\u00eda de \u00faltima generaci\u00f3n se fund\u00f3 en 2011 junto a EMC Internacional y BGT, consiguiendo &quot;Todo en uno&quot; en experiencia y producci\u00f3n.\" \/>\n<meta name=\"robots\" content=\"index, follow, max-snippet:-1, max-image-preview:large, max-video-preview:-1\" \/>\n<link rel=\"canonical\" href=\"https:\/\/mediaglass.de\/es\/partner\/\" \/>\n<meta property=\"og:locale\" content=\"es_ES\" \/>\n<meta property=\"og:type\" content=\"article\" \/>\n<meta property=\"og:title\" content=\"Mediaglass, tecnolog\u00eda punta y sistemas LED - EMC Internacional - BGT\" \/>\n<meta property=\"og:description\" content=\"Empresa con tecnolog\u00eda de \u00faltima generaci\u00f3n se fund\u00f3 en 2011 junto a EMC Internacional y BGT, consiguiendo &quot;Todo en uno&quot; en experiencia y producci\u00f3n.\" \/>\n<meta property=\"og:url\" content=\"https:\/\/mediaglass.de\/es\/partner\/\" \/>\n<meta property=\"og:site_name\" content=\"MEDIAGLASS\" \/>\n<meta property=\"article:modified_time\" content=\"2020-06-04T08:56:26+00:00\" \/>\n<meta name=\"twitter:card\" content=\"summary_large_image\" \/>\n<meta name=\"twitter:label1\" content=\"Tiempo de lectura\" \/>\n\t<meta name=\"twitter:data1\" content=\"11 minutos\" \/>\n<script type=\"application\/ld+json\" class=\"yoast-schema-graph\">{\"@context\":\"https:\/\/schema.org\",\"@graph\":[{\"@type\":\"WebPage\",\"@id\":\"https:\/\/mediaglass.de\/es\/partner\/\",\"url\":\"https:\/\/mediaglass.de\/es\/partner\/\",\"name\":\"Mediaglass, tecnolog\u00eda punta y sistemas LED - EMC Internacional - BGT\",\"isPartOf\":{\"@id\":\"https:\/\/mediaglass.de\/es\/#website\"},\"datePublished\":\"2018-07-07T22:51:44+00:00\",\"dateModified\":\"2020-06-04T08:56:26+00:00\",\"description\":\"Empresa con tecnolog\u00eda de \u00faltima generaci\u00f3n se fund\u00f3 en 2011 junto a EMC Internacional y BGT, consiguiendo \\\"Todo en uno\\\" en experiencia y producci\u00f3n.\",\"breadcrumb\":{\"@id\":\"https:\/\/mediaglass.de\/es\/partner\/#breadcrumb\"},\"inLanguage\":\"es\",\"potentialAction\":[{\"@type\":\"ReadAction\",\"target\":[\"https:\/\/mediaglass.de\/es\/partner\/\"]}]},{\"@type\":\"BreadcrumbList\",\"@id\":\"https:\/\/mediaglass.de\/es\/partner\/#breadcrumb\",\"itemListElement\":[{\"@type\":\"ListItem\",\"position\":1,\"name\":\"Portada\",\"item\":\"https:\/\/mediaglass.de\/es\/\"},{\"@type\":\"ListItem\",\"position\":2,\"name\":\"partner\"}]},{\"@type\":\"WebSite\",\"@id\":\"https:\/\/mediaglass.de\/es\/#website\",\"url\":\"https:\/\/mediaglass.de\/es\/\",\"name\":\"MEDIAGLASS\",\"description\":\"Primera fachada digital continua en el mundo\",\"publisher\":{\"@id\":\"https:\/\/mediaglass.de\/es\/#organization\"},\"potentialAction\":[{\"@type\":\"SearchAction\",\"target\":{\"@type\":\"EntryPoint\",\"urlTemplate\":\"https:\/\/mediaglass.de\/es\/?s={search_term_string}\"},\"query-input\":{\"@type\":\"PropertyValueSpecification\",\"valueRequired\":true,\"valueName\":\"search_term_string\"}}],\"inLanguage\":\"es\"},{\"@type\":\"Organization\",\"@id\":\"https:\/\/mediaglass.de\/es\/#organization\",\"name\":\"MEDIAGLASS\",\"url\":\"https:\/\/mediaglass.de\/es\/\",\"logo\":{\"@type\":\"ImageObject\",\"inLanguage\":\"es\",\"@id\":\"https:\/\/mediaglass.de\/es\/#\/schema\/logo\/image\/\",\"url\":\"https:\/\/mediaglass.de\/es\/wp-content\/uploads\/2018\/09\/logo.png\",\"contentUrl\":\"https:\/\/mediaglass.de\/es\/wp-content\/uploads\/2018\/09\/logo.png\",\"width\":976,\"height\":183,\"caption\":\"MEDIAGLASS\"},\"image\":{\"@id\":\"https:\/\/mediaglass.de\/es\/#\/schema\/logo\/image\/\"}}]}<\/script>\n<!-- \/ Yoast SEO plugin. -->","yoast_head_json":{"title":"Mediaglass, tecnolog\u00eda punta y sistemas LED - EMC Internacional - BGT","description":"Empresa con tecnolog\u00eda de \u00faltima generaci\u00f3n se fund\u00f3 en 2011 junto a EMC Internacional y BGT, consiguiendo \"Todo en uno\" en experiencia y producci\u00f3n.","robots":{"index":"index","follow":"follow","max-snippet":"max-snippet:-1","max-image-preview":"max-image-preview:large","max-video-preview":"max-video-preview:-1"},"canonical":"https:\/\/mediaglass.de\/es\/partner\/","og_locale":"es_ES","og_type":"article","og_title":"Mediaglass, tecnolog\u00eda punta y sistemas LED - EMC Internacional - BGT","og_description":"Empresa con tecnolog\u00eda de \u00faltima generaci\u00f3n se fund\u00f3 en 2011 junto a EMC Internacional y BGT, consiguiendo \"Todo en uno\" en experiencia y producci\u00f3n.","og_url":"https:\/\/mediaglass.de\/es\/partner\/","og_site_name":"MEDIAGLASS","article_modified_time":"2020-06-04T08:56:26+00:00","twitter_card":"summary_large_image","twitter_misc":{"Tiempo de lectura":"11 minutos"},"schema":{"@context":"https:\/\/schema.org","@graph":[{"@type":"WebPage","@id":"https:\/\/mediaglass.de\/es\/partner\/","url":"https:\/\/mediaglass.de\/es\/partner\/","name":"Mediaglass, tecnolog\u00eda punta y sistemas LED - EMC Internacional - BGT","isPartOf":{"@id":"https:\/\/mediaglass.de\/es\/#website"},"datePublished":"2018-07-07T22:51:44+00:00","dateModified":"2020-06-04T08:56:26+00:00","description":"Empresa con tecnolog\u00eda de \u00faltima generaci\u00f3n se fund\u00f3 en 2011 junto a EMC Internacional y BGT, consiguiendo \"Todo en uno\" en experiencia y producci\u00f3n.","breadcrumb":{"@id":"https:\/\/mediaglass.de\/es\/partner\/#breadcrumb"},"inLanguage":"es","potentialAction":[{"@type":"ReadAction","target":["https:\/\/mediaglass.de\/es\/partner\/"]}]},{"@type":"BreadcrumbList","@id":"https:\/\/mediaglass.de\/es\/partner\/#breadcrumb","itemListElement":[{"@type":"ListItem","position":1,"name":"Portada","item":"https:\/\/mediaglass.de\/es\/"},{"@type":"ListItem","position":2,"name":"partner"}]},{"@type":"WebSite","@id":"https:\/\/mediaglass.de\/es\/#website","url":"https:\/\/mediaglass.de\/es\/","name":"MEDIAGLASS","description":"Primera fachada digital continua en el mundo","publisher":{"@id":"https:\/\/mediaglass.de\/es\/#organization"},"potentialAction":[{"@type":"SearchAction","target":{"@type":"EntryPoint","urlTemplate":"https:\/\/mediaglass.de\/es\/?s={search_term_string}"},"query-input":{"@type":"PropertyValueSpecification","valueRequired":true,"valueName":"search_term_string"}}],"inLanguage":"es"},{"@type":"Organization","@id":"https:\/\/mediaglass.de\/es\/#organization","name":"MEDIAGLASS","url":"https:\/\/mediaglass.de\/es\/","logo":{"@type":"ImageObject","inLanguage":"es","@id":"https:\/\/mediaglass.de\/es\/#\/schema\/logo\/image\/","url":"https:\/\/mediaglass.de\/es\/wp-content\/uploads\/2018\/09\/logo.png","contentUrl":"https:\/\/mediaglass.de\/es\/wp-content\/uploads\/2018\/09\/logo.png","width":976,"height":183,"caption":"MEDIAGLASS"},"image":{"@id":"https:\/\/mediaglass.de\/es\/#\/schema\/logo\/image\/"}}]}},"_links":{"self":[{"href":"https:\/\/mediaglass.de\/es\/wp-json\/wp\/v2\/pages\/36797","targetHints":{"allow":["GET"]}}],"collection":[{"href":"https:\/\/mediaglass.de\/es\/wp-json\/wp\/v2\/pages"}],"about":[{"href":"https:\/\/mediaglass.de\/es\/wp-json\/wp\/v2\/types\/page"}],"author":[{"embeddable":true,"href":"https:\/\/mediaglass.de\/es\/wp-json\/wp\/v2\/users\/1"}],"replies":[{"embeddable":true,"href":"https:\/\/mediaglass.de\/es\/wp-json\/wp\/v2\/comments?post=36797"}],"version-history":[{"count":8,"href":"https:\/\/mediaglass.de\/es\/wp-json\/wp\/v2\/pages\/36797\/revisions"}],"predecessor-version":[{"id":37206,"href":"https:\/\/mediaglass.de\/es\/wp-json\/wp\/v2\/pages\/36797\/revisions\/37206"}],"wp:attachment":[{"href":"https:\/\/mediaglass.de\/es\/wp-json\/wp\/v2\/media?parent=36797"}],"curies":[{"name":"wp","href":"https:\/\/api.w.org\/{rel}","templated":true}]}}